{"id":6941,"date":"2026-07-15T12:18:05","date_gmt":"2026-07-15T10:18:05","guid":{"rendered":"https:\/\/vilavilaserveisambientals.com\/contacto\/"},"modified":"2026-08-14T19:08:46","modified_gmt":"2026-08-14T17:08:46","slug":"contacto","status":"publish","type":"page","link":"https:\/\/vilavilaserveisambientals.com\/es\/contacto\/","title":{"rendered":"Contacto"},"content":{"rendered":"\t\t<div data-elementor-type=\"wp-page\" data-elementor-id=\"6941\" class=\"elementor elementor-6941 elementor-1607\" data-elementor-post-type=\"page\">\n\t\t\t\t<div class=\"elementor-element elementor-element-c5f739a e-flex e-con-boxed e-con e-parent\" data-id=\"c5f739a\" data-element_type=\"container\" data-e-type=\"container\" data-settings=\"{&quot;background_background&quot;:&quot;classic&quot;}\">\n\t\t\t\t\t<div class=\"e-con-inner\">\n\t\t\t\t<div class=\"elementor-element elementor-element-fc37e01 elementor-widget elementor-widget-heading\" data-id=\"fc37e01\" data-element_type=\"widget\" data-e-type=\"widget\" data-widget_type=\"heading.default\">\n\t\t\t\t\t<h2 class=\"elementor-heading-title elementor-size-default\">Contacte con nosotros y descubra c\u00f3mo<br \/><span class=\"Main-Titles-Red-No-Italic\">optimizar su gesti\u00f3n de residuos<\/span><\/h2>\t\t\t\t<\/div>\n\t\t<div class=\"elementor-element elementor-element-4ea473f e-grid e-con-full e-con e-child\" data-id=\"4ea473f\" data-element_type=\"container\" data-e-type=\"container\">\n\t\t<div class=\"elementor-element elementor-element-9fe4402 e-con-full e-flex e-con e-child\" data-id=\"9fe4402\" data-element_type=\"container\" data-e-type=\"container\" data-settings=\"{&quot;background_background&quot;:&quot;classic&quot;}\">\n\t\t<div class=\"elementor-element elementor-element-5535009 e-con-full e-flex e-con e-child\" data-id=\"5535009\" data-element_type=\"container\" data-e-type=\"container\">\n\t\t\t\t<div class=\"elementor-element elementor-element-d1e5e8e elementor-widget elementor-widget-heading\" data-id=\"d1e5e8e\" data-element_type=\"widget\" data-e-type=\"widget\" data-widget_type=\"heading.default\">\n\t\t\t\t\t<h2 class=\"elementor-heading-title elementor-size-default\">Presupuesto personalizado<\/h2>\t\t\t\t<\/div>\n\t\t\t\t<div class=\"elementor-element elementor-element-c9f9dcb elementor-widget elementor-widget-text-editor\" data-id=\"c9f9dcb\" data-element_type=\"widget\" data-e-type=\"widget\" data-widget_type=\"text-editor.default\">\n\t\t\t\t\t\t\t\t\t<p>Expl\u00edquenos qu\u00e9 necesita y le prepararemos una propuesta adaptada a su empresa, al tipo de residuos que genera y a sus objetivos ambientales.<\/p>\t\t\t\t\t\t\t\t<\/div>\n\t\t\t\t<\/div>\n\t\t\t\t<div class=\"elementor-element elementor-element-6e13631 elementor-view-default elementor-widget elementor-widget-icon\" data-id=\"6e13631\" data-element_type=\"widget\" data-e-type=\"widget\" data-widget_type=\"icon.default\">\n\t\t\t\t\t\t\t<div class=\"elementor-icon-wrapper\">\n\t\t\t<a class=\"elementor-icon\" href=\"https:\/\/vilavilaserveisambientals.com\/demandar-pressupost\/\">\n\t\t\t<svg xmlns=\"http:\/\/www.w3.org\/2000\/svg\" clip-rule=\"evenodd\" fill-rule=\"evenodd\" stroke-linejoin=\"round\" stroke-miterlimit=\"2\" viewBox=\"0 0 24 24\"><path d=\"m14.523 18.787s4.501-4.505 6.255-6.26c.146-.146.219-.338.219-.53s-.073-.383-.219-.53c-1.753-1.754-6.255-6.258-6.255-6.258-.144-.145-.334-.217-.524-.217-.193 0-.385.074-.532.221-.293.292-.295.766-.004 1.056l4.978 4.978h-14.692c-.414 0-.75.336-.75.75s.336.75.75.75h14.692l-4.979 4.979c-.289.289-.286.762.006 1.054.148.148.341.222.533.222.19 0 .378-.072.522-.215z\" fill=\"#6AA53C\"><\/path><\/svg>\t\t\t<\/a>\n\t\t<\/div>\n\t\t\t\t\t\t<\/div>\n\t\t\t\t<\/div>\n\t\t<div class=\"elementor-element elementor-element-0a37408 e-con-full e-flex e-con e-child\" data-id=\"0a37408\" data-element_type=\"container\" data-e-type=\"container\" data-settings=\"{&quot;background_background&quot;:&quot;classic&quot;}\">\n\t\t<div class=\"elementor-element elementor-element-20f94e8 e-con-full e-flex e-con e-child\" data-id=\"20f94e8\" data-element_type=\"container\" data-e-type=\"container\">\n\t\t\t\t<div class=\"elementor-element elementor-element-d2ca629 elementor-widget elementor-widget-heading\" data-id=\"d2ca629\" data-element_type=\"widget\" data-e-type=\"widget\" data-widget_type=\"heading.default\">\n\t\t\t\t\t<h2 class=\"elementor-heading-title elementor-size-default\">Consultor\u00eda ambiental<\/h2>\t\t\t\t<\/div>\n\t\t\t\t<div class=\"elementor-element elementor-element-facfc04 elementor-widget elementor-widget-text-editor\" data-id=\"facfc04\" data-element_type=\"widget\" data-e-type=\"widget\" data-widget_type=\"text-editor.default\">\n\t\t\t\t\t\t\t\t\t<p>Nuestro equipo de expertos le orientar\u00e1 sobre normativas, tipos de residuos, valorizaci\u00f3n y estrategias para mejorar su gesti\u00f3n medioambiental.<\/p>\t\t\t\t\t\t\t\t<\/div>\n\t\t\t\t<\/div>\n\t\t\t\t<div class=\"elementor-element elementor-element-d509f54 elementor-view-default elementor-widget elementor-widget-icon\" data-id=\"d509f54\" data-element_type=\"widget\" data-e-type=\"widget\" data-widget_type=\"icon.default\">\n\t\t\t\t\t\t\t<div class=\"elementor-icon-wrapper\">\n\t\t\t<a class=\"elementor-icon\" href=\"#elementor-action%3Aaction%3Dpopup%3Aopen%26settings%3DeyJpZCI6NjgwNSwidG9nZ2xlIjpmYWxzZX0%3D\">\n\t\t\t<svg xmlns=\"http:\/\/www.w3.org\/2000\/svg\" clip-rule=\"evenodd\" fill-rule=\"evenodd\" stroke-linejoin=\"round\" stroke-miterlimit=\"2\" viewBox=\"0 0 24 24\"><path d=\"m14.523 18.787s4.501-4.505 6.255-6.26c.146-.146.219-.338.219-.53s-.073-.383-.219-.53c-1.753-1.754-6.255-6.258-6.255-6.258-.144-.145-.334-.217-.524-.217-.193 0-.385.074-.532.221-.293.292-.295.766-.004 1.056l4.978 4.978h-14.692c-.414 0-.75.336-.75.75s.336.75.75.75h14.692l-4.979 4.979c-.289.289-.286.762.006 1.054.148.148.341.222.533.222.19 0 .378-.072.522-.215z\" fill=\"#6AA53C\"><\/path><\/svg>\t\t\t<\/a>\n\t\t<\/div>\n\t\t\t\t\t\t<\/div>\n\t\t\t\t<\/div>\n\t\t<div class=\"elementor-element elementor-element-2dbe6f0 e-con-full e-flex e-con e-child\" data-id=\"2dbe6f0\" data-element_type=\"container\" data-e-type=\"container\" data-settings=\"{&quot;background_background&quot;:&quot;classic&quot;}\">\n\t\t<div class=\"elementor-element elementor-element-3d57b3e e-con-full e-flex e-con e-child\" data-id=\"3d57b3e\" data-element_type=\"container\" data-e-type=\"container\">\n\t\t\t\t<div class=\"elementor-element elementor-element-860392b elementor-widget elementor-widget-heading\" data-id=\"860392b\" data-element_type=\"widget\" data-e-type=\"widget\" data-widget_type=\"heading.default\">\n\t\t\t\t\t<h2 class=\"elementor-heading-title elementor-size-default\">\u00bfAlguna duda?<\/h2>\t\t\t\t<\/div>\n\t\t\t\t<div class=\"elementor-element elementor-element-34c354a elementor-widget elementor-widget-text-editor\" data-id=\"34c354a\" data-element_type=\"widget\" data-e-type=\"widget\" data-widget_type=\"text-editor.default\">\n\t\t\t\t\t\t\t\t\t<p>Si necesita resolver alguna consulta o desea m\u00e1s informaci\u00f3n sobre nuestros servicios, p\u00f3ngase en contacto con nosotros.<\/p>\t\t\t\t\t\t\t\t<\/div>\n\t\t\t\t<\/div>\n\t\t\t\t<div class=\"elementor-element elementor-element-49364aa elementor-view-default elementor-widget elementor-widget-icon\" data-id=\"49364aa\" data-element_type=\"widget\" data-e-type=\"widget\" data-widget_type=\"icon.default\">\n\t\t\t\t\t\t\t<div class=\"elementor-icon-wrapper\">\n\t\t\t<a class=\"elementor-icon\" href=\"#elementor-action%3Aaction%3Dpopup%3Aopen%26settings%3DeyJpZCI6NjgwNSwidG9nZ2xlIjpmYWxzZX0%3D\">\n\t\t\t<svg xmlns=\"http:\/\/www.w3.org\/2000\/svg\" clip-rule=\"evenodd\" fill-rule=\"evenodd\" stroke-linejoin=\"round\" stroke-miterlimit=\"2\" viewBox=\"0 0 24 24\"><path d=\"m14.523 18.787s4.501-4.505 6.255-6.26c.146-.146.219-.338.219-.53s-.073-.383-.219-.53c-1.753-1.754-6.255-6.258-6.255-6.258-.144-.145-.334-.217-.524-.217-.193 0-.385.074-.532.221-.293.292-.295.766-.004 1.056l4.978 4.978h-14.692c-.414 0-.75.336-.75.75s.336.75.75.75h14.692l-4.979 4.979c-.289.289-.286.762.006 1.054.148.148.341.222.533.222.19 0 .378-.072.522-.215z\" fill=\"#6AA53C\"><\/path><\/svg>\t\t\t<\/a>\n\t\t<\/div>\n\t\t\t\t\t\t<\/div>\n\t\t\t\t<\/div>\n\t\t\t\t<\/div>\n\t\t\t\t\t<\/div>\n\t\t\t\t<\/div>\n\t\t<div class=\"elementor-element elementor-element-3c8b667 e-flex e-con-boxed e-con e-parent\" data-id=\"3c8b667\" data-element_type=\"container\" data-e-type=\"container\" data-settings=\"{&quot;background_background&quot;:&quot;classic&quot;}\">\n\t\t\t\t\t<div class=\"e-con-inner\">\n\t\t\t\t<div class=\"elementor-element elementor-element-743a841 elementor-widget elementor-widget-heading\" data-id=\"743a841\" data-element_type=\"widget\" data-e-type=\"widget\" data-widget_type=\"heading.default\">\n\t\t\t\t\t<div class=\"elementor-heading-title elementor-size-default\">O si lo prefiere, ll\u00e1menos directamente o env\u00edenos un correo:<\/div>\t\t\t\t<\/div>\n\t\t\t\t<div class=\"elementor-element elementor-element-4a2b23d elementor-icon-list--layout-inline elementor-hidden-mobile elementor-list-item-link-full_width elementor-widget elementor-widget-icon-list\" data-id=\"4a2b23d\" data-element_type=\"widget\" data-e-type=\"widget\" data-widget_type=\"icon-list.default\">\n\t\t\t\t\t\t\t<ul class=\"elementor-icon-list-items elementor-inline-items\">\n\t\t\t\t\t\t\t<li class=\"elementor-icon-list-item elementor-inline-item\">\n\t\t\t\t\t\t\t\t\t\t\t<a href=\"\">\n\n\t\t\t\t\t\t\t\t\t\t\t\t<span class=\"elementor-icon-list-icon\">\n\t\t\t\t\t\t\t<svg xmlns=\"http:\/\/www.w3.org\/2000\/svg\" viewBox=\"0 0 24 24\" width=\"24\" height=\"24\" fill=\"currentColor\"><path d=\"M8.26 1.289l-1.564.772c-5.793 3.02 2.798 20.944 9.31 20.944.46 0 .904-.094 1.317-.284l1.542-.755-2.898-5.594-1.54.754c-.181.087-.384.134-.597.134-2.561 0-6.841-8.204-4.241-9.596l1.546-.763-2.875-5.612zm7.746 22.711c-5.68 0-12.221-11.114-12.221-17.832 0-2.419.833-4.146 2.457-4.992l2.382-1.176 3.857 7.347-2.437 1.201c-1.439.772 2.409 8.424 3.956 7.68l2.399-1.179 3.816 7.36s-2.36 1.162-2.476 1.215c-.547.251-1.129.376-1.733.376\"><\/path><\/svg>\t\t\t\t\t\t<\/span>\n\t\t\t\t\t\t\t\t\t\t<span class=\"elementor-icon-list-text\">+34 93 876 44 44<\/span>\n\t\t\t\t\t\t\t\t\t\t\t<\/a>\n\t\t\t\t\t\t\t\t\t<\/li>\n\t\t\t\t\t\t\t\t<li class=\"elementor-icon-list-item elementor-inline-item\">\n\t\t\t\t\t\t\t\t\t\t\t<a href=\"mailto:vvsa@vilavila.com\">\n\n\t\t\t\t\t\t\t\t\t\t\t\t<span class=\"elementor-icon-list-icon\">\n\t\t\t\t\t\t\t<svg xmlns=\"http:\/\/www.w3.org\/2000\/svg\" viewBox=\"0 0 24 24\" width=\"24\" height=\"24\" fill=\"currentColor\"><path d=\"M24 21h-24v-18h24v18zm-23-16.477v15.477h22v-15.477l-10.999 10-11.001-10zm21.089-.523h-20.176l10.088 9.171 10.088-9.171z\"><\/path><\/svg>\t\t\t\t\t\t<\/span>\n\t\t\t\t\t\t\t\t\t\t<span class=\"elementor-icon-list-text\">vvsa@vilavila.com<\/span>\n\t\t\t\t\t\t\t\t\t\t\t<\/a>\n\t\t\t\t\t\t\t\t\t<\/li>\n\t\t\t\t\t\t<\/ul>\n\t\t\t\t\t\t<\/div>\n\t\t\t\t<div class=\"elementor-element elementor-element-9e9f2f8 elementor-hidden-desktop elementor-hidden-tablet elementor-mobile-align-center elementor-widget-mobile__width-inherit elementor-list-item-link-full_width elementor-widget elementor-widget-icon-list\" data-id=\"9e9f2f8\" data-element_type=\"widget\" data-e-type=\"widget\" data-widget_type=\"icon-list.default\">\n\t\t\t\t\t\t\t<ul class=\"elementor-icon-list-items\">\n\t\t\t\t\t\t\t<li class=\"elementor-icon-list-item\">\n\t\t\t\t\t\t\t\t\t\t\t<a href=\"\">\n\n\t\t\t\t\t\t\t\t\t\t\t\t<span class=\"elementor-icon-list-icon\">\n\t\t\t\t\t\t\t<svg xmlns=\"http:\/\/www.w3.org\/2000\/svg\" viewBox=\"0 0 24 24\" width=\"24\" height=\"24\" fill=\"currentColor\"><path d=\"M8.26 1.289l-1.564.772c-5.793 3.02 2.798 20.944 9.31 20.944.46 0 .904-.094 1.317-.284l1.542-.755-2.898-5.594-1.54.754c-.181.087-.384.134-.597.134-2.561 0-6.841-8.204-4.241-9.596l1.546-.763-2.875-5.612zm7.746 22.711c-5.68 0-12.221-11.114-12.221-17.832 0-2.419.833-4.146 2.457-4.992l2.382-1.176 3.857 7.347-2.437 1.201c-1.439.772 2.409 8.424 3.956 7.68l2.399-1.179 3.816 7.36s-2.36 1.162-2.476 1.215c-.547.251-1.129.376-1.733.376\"><\/path><\/svg>\t\t\t\t\t\t<\/span>\n\t\t\t\t\t\t\t\t\t\t<span class=\"elementor-icon-list-text\">+34 93 876 44 44<\/span>\n\t\t\t\t\t\t\t\t\t\t\t<\/a>\n\t\t\t\t\t\t\t\t\t<\/li>\n\t\t\t\t\t\t\t\t<li class=\"elementor-icon-list-item\">\n\t\t\t\t\t\t\t\t\t\t\t<a href=\"mailto:vvsa@vilavila.com\">\n\n\t\t\t\t\t\t\t\t\t\t\t\t<span class=\"elementor-icon-list-icon\">\n\t\t\t\t\t\t\t<svg xmlns=\"http:\/\/www.w3.org\/2000\/svg\" viewBox=\"0 0 24 24\" width=\"24\" height=\"24\" fill=\"currentColor\"><path d=\"M24 21h-24v-18h24v18zm-23-16.477v15.477h22v-15.477l-10.999 10-11.001-10zm21.089-.523h-20.176l10.088 9.171 10.088-9.171z\"><\/path><\/svg>\t\t\t\t\t\t<\/span>\n\t\t\t\t\t\t\t\t\t\t<span class=\"elementor-icon-list-text\">vvsa@vilavila.com<\/span>\n\t\t\t\t\t\t\t\t\t\t\t<\/a>\n\t\t\t\t\t\t\t\t\t<\/li>\n\t\t\t\t\t\t<\/ul>\n\t\t\t\t\t\t<\/div>\n\t\t\t\t\t<\/div>\n\t\t\t\t<\/div>\n\t\t<div class=\"elementor-element elementor-element-09bf991 e-flex e-con-boxed e-con e-parent\" data-id=\"09bf991\" data-element_type=\"container\" data-e-type=\"container\" data-settings=\"{&quot;background_background&quot;:&quot;classic&quot;}\">\n\t\t\t\t\t<div class=\"e-con-inner\">\n\t\t\t\t<div class=\"elementor-element elementor-element-f452ed5 elementor-widget elementor-widget-heading\" data-id=\"f452ed5\" data-element_type=\"widget\" data-e-type=\"widget\" data-widget_type=\"heading.default\">\n\t\t\t\t\t<h2 class=\"elementor-heading-title elementor-size-default\">Nuestras <span class=\"Main-Titles-Red-No-Italic\">instalaciones<\/span><\/h2>\t\t\t\t<\/div>\n\t\t<div class=\"elementor-element elementor-element-ccfcf3a e-grid e-con-full e-con e-child\" data-id=\"ccfcf3a\" data-element_type=\"container\" data-e-type=\"container\">\n\t\t\t\t<div class=\"elementor-element elementor-element-80fee03 elementor-position-top elementor-widget elementor-widget-image-box\" data-id=\"80fee03\" data-element_type=\"widget\" data-e-type=\"widget\" data-widget_type=\"image-box.default\">\n\t\t\t\t\t<div class=\"elementor-image-box-wrapper\"><figure class=\"elementor-image-box-img\"><img fetchpriority=\"high\" decoding=\"async\" width=\"550\" height=\"309\" src=\"https:\/\/vilavilaserveisambientals.com\/wp-content\/uploads\/2026\/07\/250327-Serveis-Ambientals-DN-15-scaled-1-550x309-1.jpg\" class=\"attachment-full size-full wp-image-6949\" alt=\"\" srcset=\"https:\/\/vilavilaserveisambientals.com\/wp-content\/uploads\/2026\/07\/250327-Serveis-Ambientals-DN-15-scaled-1-550x309-1.jpg 550w, https:\/\/vilavilaserveisambientals.com\/wp-content\/uploads\/2026\/07\/250327-Serveis-Ambientals-DN-15-scaled-1-550x309-1-300x169.jpg 300w\" sizes=\"(max-width: 550px) 100vw, 550px\" \/><\/figure><div class=\"elementor-image-box-content\"><h3 class=\"elementor-image-box-title\">DesCat. Art\u00e9s <\/h3><p class=\"elementor-image-box-description\">Planta La Serreta. Tur\u00f3 de la Serreta.<br \/>Ctra. Manresa-Art\u00e9s, BV-4512, km 4.4.<br \/>08271 Art\u00e9s<br \/>Telf. (+34) 93 820 21 86<br \/>artes@descat.cat   <\/p><\/div><\/div>\t\t\t\t<\/div>\n\t\t\t\t<div class=\"elementor-element elementor-element-83994d3 elementor-position-top elementor-widget elementor-widget-image-box\" data-id=\"83994d3\" data-element_type=\"widget\" data-e-type=\"widget\" data-widget_type=\"image-box.default\">\n\t\t\t\t\t<div class=\"elementor-image-box-wrapper\"><figure class=\"elementor-image-box-img\"><img decoding=\"async\" width=\"550\" height=\"413\" src=\"https:\/\/vilavilaserveisambientals.com\/wp-content\/uploads\/2026\/07\/central-bages-550x413-1.jpg\" class=\"attachment-full size-full wp-image-6948\" alt=\"\" srcset=\"https:\/\/vilavilaserveisambientals.com\/wp-content\/uploads\/2026\/07\/central-bages-550x413-1.jpg 550w, https:\/\/vilavilaserveisambientals.com\/wp-content\/uploads\/2026\/07\/central-bages-550x413-1-300x225.jpg 300w\" sizes=\"(max-width: 550px) 100vw, 550px\" \/><\/figure><div class=\"elementor-image-box-content\"><h3 class=\"elementor-image-box-title\">Central Bages<\/h3><p class=\"elementor-image-box-description\">Pol. Ind. La Serreta \u2013 Ctra. de Berga, 249<br \/>Avda. Bag\u00e0 Cant. c\/ Vallcebre<br \/>08272 Sant Fruit\u00f3s de Bages<br \/>Telf. (+34) 93 876 44 44<br \/>vvsa@vilavila.com      <\/p><\/div><\/div>\t\t\t\t<\/div>\n\t\t\t\t<div class=\"elementor-element elementor-element-5aab114 elementor-position-top elementor-widget elementor-widget-image-box\" data-id=\"5aab114\" data-element_type=\"widget\" data-e-type=\"widget\" data-widget_type=\"image-box.default\">\n\t\t\t\t\t<div class=\"elementor-image-box-wrapper\"><figure class=\"elementor-image-box-img\"><img decoding=\"async\" width=\"550\" height=\"413\" src=\"https:\/\/vilavilaserveisambientals.com\/wp-content\/uploads\/2026\/07\/6d4ed844-ced6-4da9-b4e1-d181d6c50935-550x413-1.jpg\" class=\"attachment-full size-full wp-image-6947\" alt=\"\" srcset=\"https:\/\/vilavilaserveisambientals.com\/wp-content\/uploads\/2026\/07\/6d4ed844-ced6-4da9-b4e1-d181d6c50935-550x413-1.jpg 550w, https:\/\/vilavilaserveisambientals.com\/wp-content\/uploads\/2026\/07\/6d4ed844-ced6-4da9-b4e1-d181d6c50935-550x413-1-300x225.jpg 300w\" sizes=\"(max-width: 550px) 100vw, 550px\" \/><\/figure><div class=\"elementor-image-box-content\"><h3 class=\"elementor-image-box-title\">Delegaci\u00f3n Osona<\/h3><p class=\"elementor-image-box-description\">Pol. Ind. Can Valent\u00ed<br \/>c\/ Torrent Fara\u00f3, 46<br \/>08508 Les Masies de Voltreg\u00e0<br \/>Telf. (+34) 93 857 26 89<br \/>osona@vilavila.com   <\/p><\/div><\/div>\t\t\t\t<\/div>\n\t\t\t\t<div class=\"elementor-element elementor-element-382bd14 elementor-position-top elementor-widget elementor-widget-image-box\" data-id=\"382bd14\" data-element_type=\"widget\" data-e-type=\"widget\" data-widget_type=\"image-box.default\">\n\t\t\t\t\t<div class=\"elementor-image-box-wrapper\"><figure class=\"elementor-image-box-img\"><img loading=\"lazy\" decoding=\"async\" width=\"550\" height=\"302\" src=\"https:\/\/vilavilaserveisambientals.com\/wp-content\/uploads\/2026\/07\/Del-Valles-550x302-1.png\" class=\"attachment-full size-full wp-image-6946\" alt=\"\" srcset=\"https:\/\/vilavilaserveisambientals.com\/wp-content\/uploads\/2026\/07\/Del-Valles-550x302-1.png 550w, https:\/\/vilavilaserveisambientals.com\/wp-content\/uploads\/2026\/07\/Del-Valles-550x302-1-300x165.png 300w\" sizes=\"(max-width: 550px) 100vw, 550px\" \/><\/figure><div class=\"elementor-image-box-content\"><h3 class=\"elementor-image-box-title\">Delegaci\u00f3n Vall\u00e8s<\/h3><p class=\"elementor-image-box-description\">Pol. Ind. La Llana<br \/>Avda. La Llana, 111<br \/>08191 Rub\u00ed<br \/>Telf. (+34) 93 733 77 00<br \/>valles@vilavila.com    <\/p><\/div><\/div>\t\t\t\t<\/div>\n\t\t\t\t<\/div>\n\t\t\t\t\t<\/div>\n\t\t\t\t<\/div>\n\t\t\t\t<\/div>\n\t\t","protected":false},"excerpt":{"rendered":"<p>Contacte con nosotros y descubra c\u00f3mooptimizar su gesti\u00f3n de residuos Presupuesto personalizado Expl\u00edquenos qu\u00e9 necesita y le prepararemos una propuesta adaptada a su empresa, al tipo de residuos que genera y a sus objetivos ambientales. Consultor\u00eda ambiental Nuestro equipo de expertos le orientar\u00e1 sobre normativas, tipos de residuos, valorizaci\u00f3n y estrategias para mejorar su gesti\u00f3n [&hellip;]<\/p>\n","protected":false},"author":1,"featured_media":0,"parent":0,"menu_order":0,"comment_status":"closed","ping_status":"closed","template":"elementor_header_footer","meta":{"_angie_page":false,"footnotes":""},"class_list":["post-6941","page","type-page","status-publish","hentry"],"yoast_head":"<!-- This site is optimized with the Yoast SEO plugin v28.3 - https:\/\/yoast.com\/product\/yoast-seo-wordpress\/ -->\n<title>Contacto - Vil\u00e0 Vila<\/title>\n<meta name=\"robots\" content=\"index, follow, max-snippet:-1, max-image-preview:large, max-video-preview:-1\" \/>\n<link rel=\"canonical\" href=\"https:\/\/vilavilaserveisambientals.com\/es\/contacto\/\" \/>\n<meta property=\"og:locale\" content=\"es_ES\" \/>\n<meta property=\"og:type\" content=\"article\" \/>\n<meta property=\"og:title\" content=\"Contacto - Vil\u00e0 Vila\" \/>\n<meta property=\"og:description\" content=\"Contacte con nosotros y descubra c\u00f3mooptimizar su gesti\u00f3n de residuos Presupuesto personalizado Expl\u00edquenos qu\u00e9 necesita y le prepararemos una propuesta adaptada a su empresa, al tipo de residuos que genera y a sus objetivos ambientales. Consultor\u00eda ambiental Nuestro equipo de expertos le orientar\u00e1 sobre normativas, tipos de residuos, valorizaci\u00f3n y estrategias para mejorar su gesti\u00f3n [&hellip;]\" \/>\n<meta property=\"og:url\" content=\"https:\/\/vilavilaserveisambientals.com\/es\/contacto\/\" \/>\n<meta property=\"og:site_name\" content=\"Vil\u00e0 Vila\" \/>\n<meta property=\"article:modified_time\" content=\"2026-08-14T17:08:46+00:00\" \/>\n<meta property=\"og:image\" content=\"https:\/\/vilavilaserveisambientals.com\/wp-content\/uploads\/2026\/07\/250327-Serveis-Ambientals-DN-15-scaled-1-550x309-1.jpg\" \/>\n\t<meta property=\"og:image:width\" content=\"550\" \/>\n\t<meta property=\"og:image:height\" content=\"309\" \/>\n\t<meta property=\"og:image:type\" content=\"image\/jpeg\" \/>\n<meta name=\"twitter:card\" content=\"summary_large_image\" \/>\n<meta name=\"twitter:label1\" content=\"Tiempo de lectura\" \/>\n\t<meta name=\"twitter:data1\" content=\"1 minuto\" \/>\n<script type=\"application\/ld+json\" class=\"yoast-schema-graph\">{\"@context\":\"https:\\\/\\\/schema.org\",\"@graph\":[{\"@type\":\"WebPage\",\"@id\":\"https:\\\/\\\/vilavilaserveisambientals.com\\\/es\\\/contacto\\\/\",\"url\":\"https:\\\/\\\/vilavilaserveisambientals.com\\\/es\\\/contacto\\\/\",\"name\":\"Contacto - Vil\u00e0 Vila\",\"isPartOf\":{\"@id\":\"https:\\\/\\\/vilavilaserveisambientals.com\\\/es\\\/#website\"},\"primaryImageOfPage\":{\"@id\":\"https:\\\/\\\/vilavilaserveisambientals.com\\\/es\\\/contacto\\\/#primaryimage\"},\"image\":{\"@id\":\"https:\\\/\\\/vilavilaserveisambientals.com\\\/es\\\/contacto\\\/#primaryimage\"},\"thumbnailUrl\":\"https:\\\/\\\/vilavilaserveisambientals.com\\\/wp-content\\\/uploads\\\/2026\\\/07\\\/250327-Serveis-Ambientals-DN-15-scaled-1-550x309-1.jpg\",\"datePublished\":\"2026-07-15T10:18:05+00:00\",\"dateModified\":\"2026-08-14T17:08:46+00:00\",\"breadcrumb\":{\"@id\":\"https:\\\/\\\/vilavilaserveisambientals.com\\\/es\\\/contacto\\\/#breadcrumb\"},\"inLanguage\":\"es\",\"potentialAction\":[{\"@type\":\"ReadAction\",\"target\":[\"https:\\\/\\\/vilavilaserveisambientals.com\\\/es\\\/contacto\\\/\"]}]},{\"@type\":\"ImageObject\",\"inLanguage\":\"es\",\"@id\":\"https:\\\/\\\/vilavilaserveisambientals.com\\\/es\\\/contacto\\\/#primaryimage\",\"url\":\"https:\\\/\\\/vilavilaserveisambientals.com\\\/wp-content\\\/uploads\\\/2026\\\/07\\\/250327-Serveis-Ambientals-DN-15-scaled-1-550x309-1.jpg\",\"contentUrl\":\"https:\\\/\\\/vilavilaserveisambientals.com\\\/wp-content\\\/uploads\\\/2026\\\/07\\\/250327-Serveis-Ambientals-DN-15-scaled-1-550x309-1.jpg\"},{\"@type\":\"BreadcrumbList\",\"@id\":\"https:\\\/\\\/vilavilaserveisambientals.com\\\/es\\\/contacto\\\/#breadcrumb\",\"itemListElement\":[{\"@type\":\"ListItem\",\"position\":1,\"name\":\"Inici\",\"item\":\"https:\\\/\\\/vilavilaserveisambientals.com\\\/es\\\/vila-vila-servicios-ambientales\\\/\"},{\"@type\":\"ListItem\",\"position\":2,\"name\":\"Contacto\"}]},{\"@type\":\"WebSite\",\"@id\":\"https:\\\/\\\/vilavilaserveisambientals.com\\\/es\\\/#website\",\"url\":\"https:\\\/\\\/vilavilaserveisambientals.com\\\/es\\\/\",\"name\":\"Vil\u00e0 Vila Serveis Ambientals\",\"description\":\"Serveis ambientals\",\"publisher\":{\"@id\":\"https:\\\/\\\/vilavilaserveisambientals.com\\\/es\\\/#organization\"},\"potentialAction\":[{\"@type\":\"SearchAction\",\"target\":{\"@type\":\"EntryPoint\",\"urlTemplate\":\"https:\\\/\\\/vilavilaserveisambientals.com\\\/es\\\/?s={search_term_string}\"},\"query-input\":{\"@type\":\"PropertyValueSpecification\",\"valueRequired\":true,\"valueName\":\"search_term_string\"}}],\"inLanguage\":\"es\"},{\"@type\":\"Organization\",\"@id\":\"https:\\\/\\\/vilavilaserveisambientals.com\\\/es\\\/#organization\",\"name\":\"Vil\u00e0 Vila Serveis Ambientals\",\"url\":\"https:\\\/\\\/vilavilaserveisambientals.com\\\/es\\\/\",\"logo\":{\"@type\":\"ImageObject\",\"inLanguage\":\"es\",\"@id\":\"https:\\\/\\\/vilavilaserveisambientals.com\\\/es\\\/#\\\/schema\\\/logo\\\/image\\\/\",\"url\":\"https:\\\/\\\/vilavilaserveisambientals.com\\\/wp-content\\\/uploads\\\/2026\\\/06\\\/logo-vilavila.svg\",\"contentUrl\":\"https:\\\/\\\/vilavilaserveisambientals.com\\\/wp-content\\\/uploads\\\/2026\\\/06\\\/logo-vilavila.svg\",\"width\":2560,\"height\":550,\"caption\":\"Vil\u00e0 Vila Serveis Ambientals\"},\"image\":{\"@id\":\"https:\\\/\\\/vilavilaserveisambientals.com\\\/es\\\/#\\\/schema\\\/logo\\\/image\\\/\"}}]}<\/script>\n<!-- \/ Yoast SEO plugin. -->","yoast_head_json":{"title":"Contacto - Vil\u00e0 Vila","robots":{"index":"index","follow":"follow","max-snippet":"max-snippet:-1","max-image-preview":"max-image-preview:large","max-video-preview":"max-video-preview:-1"},"canonical":"https:\/\/vilavilaserveisambientals.com\/es\/contacto\/","og_locale":"es_ES","og_type":"article","og_title":"Contacto - Vil\u00e0 Vila","og_description":"Contacte con nosotros y descubra c\u00f3mooptimizar su gesti\u00f3n de residuos Presupuesto personalizado Expl\u00edquenos qu\u00e9 necesita y le prepararemos una propuesta adaptada a su empresa, al tipo de residuos que genera y a sus objetivos ambientales. Consultor\u00eda ambiental Nuestro equipo de expertos le orientar\u00e1 sobre normativas, tipos de residuos, valorizaci\u00f3n y estrategias para mejorar su gesti\u00f3n [&hellip;]","og_url":"https:\/\/vilavilaserveisambientals.com\/es\/contacto\/","og_site_name":"Vil\u00e0 Vila","article_modified_time":"2026-08-14T17:08:46+00:00","og_image":[{"width":550,"height":309,"url":"https:\/\/vilavilaserveisambientals.com\/wp-content\/uploads\/2026\/07\/250327-Serveis-Ambientals-DN-15-scaled-1-550x309-1.jpg","type":"image\/jpeg"}],"twitter_card":"summary_large_image","twitter_misc":{"Tiempo de lectura":"1 minuto"},"schema":{"@context":"https:\/\/schema.org","@graph":[{"@type":"WebPage","@id":"https:\/\/vilavilaserveisambientals.com\/es\/contacto\/","url":"https:\/\/vilavilaserveisambientals.com\/es\/contacto\/","name":"Contacto - Vil\u00e0 Vila","isPartOf":{"@id":"https:\/\/vilavilaserveisambientals.com\/es\/#website"},"primaryImageOfPage":{"@id":"https:\/\/vilavilaserveisambientals.com\/es\/contacto\/#primaryimage"},"image":{"@id":"https:\/\/vilavilaserveisambientals.com\/es\/contacto\/#primaryimage"},"thumbnailUrl":"https:\/\/vilavilaserveisambientals.com\/wp-content\/uploads\/2026\/07\/250327-Serveis-Ambientals-DN-15-scaled-1-550x309-1.jpg","datePublished":"2026-07-15T10:18:05+00:00","dateModified":"2026-08-14T17:08:46+00:00","breadcrumb":{"@id":"https:\/\/vilavilaserveisambientals.com\/es\/contacto\/#breadcrumb"},"inLanguage":"es","potentialAction":[{"@type":"ReadAction","target":["https:\/\/vilavilaserveisambientals.com\/es\/contacto\/"]}]},{"@type":"ImageObject","inLanguage":"es","@id":"https:\/\/vilavilaserveisambientals.com\/es\/contacto\/#primaryimage","url":"https:\/\/vilavilaserveisambientals.com\/wp-content\/uploads\/2026\/07\/250327-Serveis-Ambientals-DN-15-scaled-1-550x309-1.jpg","contentUrl":"https:\/\/vilavilaserveisambientals.com\/wp-content\/uploads\/2026\/07\/250327-Serveis-Ambientals-DN-15-scaled-1-550x309-1.jpg"},{"@type":"BreadcrumbList","@id":"https:\/\/vilavilaserveisambientals.com\/es\/contacto\/#breadcrumb","itemListElement":[{"@type":"ListItem","position":1,"name":"Inici","item":"https:\/\/vilavilaserveisambientals.com\/es\/vila-vila-servicios-ambientales\/"},{"@type":"ListItem","position":2,"name":"Contacto"}]},{"@type":"WebSite","@id":"https:\/\/vilavilaserveisambientals.com\/es\/#website","url":"https:\/\/vilavilaserveisambientals.com\/es\/","name":"Vil\u00e0 Vila Serveis Ambientals","description":"Serveis ambientals","publisher":{"@id":"https:\/\/vilavilaserveisambientals.com\/es\/#organization"},"potentialAction":[{"@type":"SearchAction","target":{"@type":"EntryPoint","urlTemplate":"https:\/\/vilavilaserveisambientals.com\/es\/?s={search_term_string}"},"query-input":{"@type":"PropertyValueSpecification","valueRequired":true,"valueName":"search_term_string"}}],"inLanguage":"es"},{"@type":"Organization","@id":"https:\/\/vilavilaserveisambientals.com\/es\/#organization","name":"Vil\u00e0 Vila Serveis Ambientals","url":"https:\/\/vilavilaserveisambientals.com\/es\/","logo":{"@type":"ImageObject","inLanguage":"es","@id":"https:\/\/vilavilaserveisambientals.com\/es\/#\/schema\/logo\/image\/","url":"https:\/\/vilavilaserveisambientals.com\/wp-content\/uploads\/2026\/06\/logo-vilavila.svg","contentUrl":"https:\/\/vilavilaserveisambientals.com\/wp-content\/uploads\/2026\/06\/logo-vilavila.svg","width":2560,"height":550,"caption":"Vil\u00e0 Vila Serveis Ambientals"},"image":{"@id":"https:\/\/vilavilaserveisambientals.com\/es\/#\/schema\/logo\/image\/"}}]}},"_links":{"self":[{"href":"https:\/\/vilavilaserveisambientals.com\/es\/wp-json\/wp\/v2\/pages\/6941","targetHints":{"allow":["GET"]}}],"collection":[{"href":"https:\/\/vilavilaserveisambientals.com\/es\/wp-json\/wp\/v2\/pages"}],"about":[{"href":"https:\/\/vilavilaserveisambientals.com\/es\/wp-json\/wp\/v2\/types\/page"}],"author":[{"embeddable":true,"href":"https:\/\/vilavilaserveisambientals.com\/es\/wp-json\/wp\/v2\/users\/1"}],"replies":[{"embeddable":true,"href":"https:\/\/vilavilaserveisambientals.com\/es\/wp-json\/wp\/v2\/comments?post=6941"}],"version-history":[{"count":1,"href":"https:\/\/vilavilaserveisambientals.com\/es\/wp-json\/wp\/v2\/pages\/6941\/revisions"}],"predecessor-version":[{"id":6951,"href":"https:\/\/vilavilaserveisambientals.com\/es\/wp-json\/wp\/v2\/pages\/6941\/revisions\/6951"}],"wp:attachment":[{"href":"https:\/\/vilavilaserveisambientals.com\/es\/wp-json\/wp\/v2\/media?parent=6941"}],"curies":[{"name":"wp","href":"https:\/\/api.w.org\/{rel}","templated":true}]}}